{"id":51,"date":"2018-12-27T22:08:38","date_gmt":"2018-12-27T21:08:38","guid":{"rendered":"https:\/\/franken-wueller.de\/?page_id=51"},"modified":"2021-01-11T12:04:09","modified_gmt":"2021-01-11T11:04:09","slug":"hoheitliche-vermessung","status":"publish","type":"page","link":"https:\/\/vermessung-aachen.de\/?page_id=51","title":{"rendered":"Hoheitliche Vermessung"},"content":{"rendered":"\n<figure class=\"wp-block-image is-resized\"><img loading=\"lazy\" decoding=\"async\" src=\"https:\/\/franken-wueller.de\/wp-content\/uploads\/2019\/01\/solides-fundament_750.gif\" alt=\"\" class=\"wp-image-380\" width=\"1448\" height=\"305\"\/><\/figure>\n\n\n\n<figure class=\"wp-block-table aligncenter is-style-stripes\"><table class=\"\"><tbody><tr><td><a href=\"https:\/\/franken-wueller.de\/?page_id=93\">Amtlichen Lagepl\u00e4ne<\/a> zur <br>Genehmigung von Bauvorhaben <\/td><td>     <a href=\"https:\/\/franken-wueller.de\/?p=96\">Grenzvermessung<\/a> <\/td><\/tr><tr><td>  <a href=\"https:\/\/franken-wueller.de\/?page_id=82\">Geb\u00e4udeeinmessung<\/a>   <\/td><td> <a href=\"https:\/\/franken-wueller.de\/?p=96\">Amtliche Grenzanzeige<\/a>  <\/td><\/tr><tr><td>  <a href=\"https:\/\/franken-wueller.de\/?p=106\">Teilungsvermessung<\/a> (Teilung von Grundst\u00fccken in zwei oder mehrere Einzelgrundst\u00fccke)  <\/td><td> <a href=\"https:\/\/franken-wueller.de\/?page_id=391\">Vermessung langgestreckter Anlagen<\/a>, z. B. Stra\u00dfenschluss-vermessungen   <\/td><\/tr><tr><td> <a href=\"https:\/\/franken-wueller.de\/?page_id=113\">Bodenordnung<\/a> (Umlegung) <\/td><td><\/td><\/tr><\/tbody><\/table><\/figure>\n\n\n\n<p class=\"has-medium-font-size\"><br><\/p>\n","protected":false},"excerpt":{"rendered":"<p>Amtlichen Lagepl\u00e4ne zur Genehmigung von Bauvorhaben Grenzvermessung Geb\u00e4udeeinmessung Amtliche Grenzanzeige Teilungsvermessung (Teilung von Grundst\u00fccken in zwei oder mehrere Einzelgrundst\u00fccke) Vermessung langgestreckter Anlagen, z. B. Stra\u00dfenschluss-vermessungen Bodenordnung (Umlegung)<span class=\"more-link\"><a href=\"https:\/\/vermessung-aachen.de\/?page_id=51\">weiterlesen<\/a><\/span><\/p>\n","protected":false},"author":1,"featured_media":0,"parent":42,"menu_order":0,"comment_status":"closed","ping_status":"closed","template":"","meta":{"footnotes":""},"class_list":["entry","author-fraadmin","post-51","page","type-page","status-publish"],"_links":{"self":[{"href":"https:\/\/vermessung-aachen.de\/index.php?rest_route=\/wp\/v2\/pages\/51","targetHints":{"allow":["GET"]}}],"collection":[{"href":"https:\/\/vermessung-aachen.de\/index.php?rest_route=\/wp\/v2\/pages"}],"about":[{"href":"https:\/\/vermessung-aachen.de\/index.php?rest_route=\/wp\/v2\/types\/page"}],"author":[{"embeddable":true,"href":"https:\/\/vermessung-aachen.de\/index.php?rest_route=\/wp\/v2\/users\/1"}],"replies":[{"embeddable":true,"href":"https:\/\/vermessung-aachen.de\/index.php?rest_route=%2Fwp%2Fv2%2Fcomments&post=51"}],"version-history":[{"count":42,"href":"https:\/\/vermessung-aachen.de\/index.php?rest_route=\/wp\/v2\/pages\/51\/revisions"}],"predecessor-version":[{"id":715,"href":"https:\/\/vermessung-aachen.de\/index.php?rest_route=\/wp\/v2\/pages\/51\/revisions\/715"}],"up":[{"embeddable":true,"href":"https:\/\/vermessung-aachen.de\/index.php?rest_route=\/wp\/v2\/pages\/42"}],"wp:attachment":[{"href":"https:\/\/vermessung-aachen.de\/index.php?rest_route=%2Fwp%2Fv2%2Fmedia&parent=51"}],"curies":[{"name":"wp","href":"https:\/\/api.w.org\/{rel}","templated":true}]}}